{"id":6093,"date":"2024-12-04T17:02:10","date_gmt":"2024-12-04T16:02:10","guid":{"rendered":"https:\/\/www.santesud.org\/who-are-we\/lutter-contre-les-deserts-medicaux-et-ameliorer-lacces-aux-soins\/"},"modified":"2025-02-26T14:22:48","modified_gmt":"2025-02-26T13:22:48","slug":"combating-medical-deserts-and-improving-access-to-care","status":"publish","type":"page","link":"https:\/\/www.santesud.org\/en\/who-are-we\/combating-medical-deserts-and-improving-access-to-care\/","title":{"rendered":"Combating medical deserts and improving access to care"},"content":{"rendered":"<div id=\"field_pow2fb334139a90433a_type2\" class=\"container-fluid px-0 flexible_section block_columns\">\n <div id=\"field_pow2fb334139a90433a_type2_inner\" class=\"container flexible_section_inner\">\n\n   <div class=\"row flexible_section_content\">\n\n   <div class=\"col-sm-12 colonne colonne1\">\n    <div class=\"colonne_inner  text-left\">\n<h1>Combating medical deserts and improving access to care<\/h1>\n    <\/div>\n   <\/div>\n  <\/div>\n\n <\/div>\n<div id=\"shapedivider_pow2fb334139a90433a_type2_bottom\" class=\"shapedivider_outer\">\n<svg data-name=\"Layer 1\" xmlns=\"http:\/\/www.w3.org\/2000\/svg\" viewBox=\"0 0 1200 120\" preserveAspectRatio=\"none\">\n<path d=\"M1200 120L0 16.48 0 0 1200 0 1200 120z\" class=\"shape-fill\"><\/path>\n<\/svg>\n<\/div>\n\n<\/div>\n\n\n<div id=\"field_powd5e0502e25a146e9\" class=\"container-fluid px-0 flexible_section block_columns\">\n <div id=\"field_powd5e0502e25a146e9_inner\" class=\"container flexible_section_inner\">\n\n   <div class=\"row flexible_section_content\">\n\n   <div class=\"mb-3 mb-sm-0 col-sm-4 colonne colonne1\">\n    <div class=\"colonne_inner  text-left\">\n<p><img loading=\"lazy\" decoding=\"async\" class=\"alignnone wp-image-4398 size-full\" src=\"https:\/\/www.santesud.org\/wp-content\/uploads\/2024\/10\/CHAPITRE-2-Femme-enceinte-B.png\" alt=\"\" width=\"300\" height=\"300\" srcset=\"https:\/\/www.santesud.org\/wp-content\/uploads\/2024\/10\/CHAPITRE-2-Femme-enceinte-B.png 300w, https:\/\/www.santesud.org\/wp-content\/uploads\/2024\/10\/CHAPITRE-2-Femme-enceinte-B-150x150.png 150w\" sizes=\"auto, (max-width: 300px) 100vw, 300px\" \/><\/p>\n    <\/div>\n   <\/div>\n   <div class=\"col-sm-8 colonne colonne2\">\n    <div class=\"colonne_inner  text-left\">\n<p>Since it was founded, Sant\u00e9 Sud has been working to bring medical care to rural areas in countries with limited resources, where health professionals are unevenly distributed.<\/p>\n<p>Forty years on, equity in access to healthcare remains a crucial global issue, as highlighted by\u00a0<a href=\"https:\/\/sante.gouv.fr\/IMG\/pdf\/strategie_francaise_en_sante_mondiale.pdf\" target=\"_blank\" rel=\"noopener\">France&#8217;s Global Health Strategy 2023-2027<\/a>.<\/p>\n<p>Due in part to the lack of attractiveness of these regions for doctors, basic care is often provided by non-medical staff and traditional medicine remains widespread. Yet many young doctors, trained in increasing numbers since the 1970s, are unable to find employment in the public sector in their own countries.<\/p>\n    <\/div>\n   <\/div>\n  <\/div>\n\n <\/div>\n<\/div>\n\n\n<div id=\"field_pow48b8a20ed2484703\" class=\"container-fluid px-0 flexible_section block_columns\">\n <div id=\"field_pow48b8a20ed2484703_inner\" class=\"container flexible_section_inner animateOnScroll\" data-anim=\"animate__fadeIn\" data-delay=\"none\" data-speed=\"normal\" data-repeat=\"animate__repeat-1\">\n\n   <div class=\"row flexible_section_content\">\n\n   <div class=\"col-sm-12 colonne colonne1\">\n    <div class=\"colonne_inner h3 antonio text-center\">\n<p>In countries with limited resources, healthcare infrastructures and professionals are mainly concentrated in urban areas, while 60-70% of the population lives in rural areas.<\/p>\n    <\/div>\n   <\/div>\n  <\/div>\n\n <\/div>\n<\/div>\n\n\n<div id=\"field_pow40328e3475f54168\" class=\"container-fluid px-0 flexible_section block_adaptativetextandimage\">\n <div id=\"field_pow40328e3475f54168_inner\" class=\"container flexible_section_inner\">\n\n   <div class=\"row no-gutters flexible_section_content adaptativeimage \" id=\"textimagebanner_pow40328e3475f54168\">\n\n   <div class=\"col-12 col-sm-7 order-2 order-sm-1 colonne colonne1 colonne1_pow40328e3475f54168 order_left order_sm_yes\">\n    <div class=\"colonne_inner text-left justify-content-start\">\n<h2>Sant\u00e9 Sud&#8217;s innovative approach<\/h2>\n<p>&nbsp;<\/p>\n<p>In response to these challenges, Sant\u00e9 Sud and its partner associations have implemented an innovative approach by installing community general practitioners (CGPs) and midwives in rural areas.<\/p>\n<p>These professionals provide basic care, take preventive action, raise awareness and refer patients to the appropriate facilities, thereby playing a crucial role in rural communities. They work in alliance with communities and in partnership with other players in the healthcare system.<\/p>\n<p><a class=\"button_orange\" href=\"https:\/\/www.santesud.org\/actualites\/entretien-avec-le-dr-tidiane-bah-medecin-generaliste-communautaire-en-guinee\/\" target=\"_blank\" rel=\"noopener\">Read the testimonial of a general practitioner in Guinea<\/a><\/p>\n    <\/div>\n   <\/div>\n   <div class=\"col-12 col-sm-5 order-1 order-sm-2 colonne colonne2 colonne2_pow40328e3475f54168 order_left order_sm_yes\">\n   <\/div>\n  <\/div>\n\n <\/div>\n<\/div>\n\n\n<div id=\"field_pow164c6918d0eb407d\" class=\"container-fluid px-0 flexible_section block_adaptativetextandimage\">\n <div id=\"field_pow164c6918d0eb407d_inner\" class=\"container flexible_section_inner\">\n\n   <div class=\"row no-gutters flexible_section_content adaptativeimage \" id=\"textimagebanner_pow164c6918d0eb407d\">\n\n   <div class=\"col-12 col-sm-7 order-2 order-sm-2 colonne colonne1 colonne1_pow164c6918d0eb407d order_right order_sm_yes\">\n    <div class=\"colonne_inner text-left justify-content-start\">\n<h3>Achievements and expansion<\/h3>\n<p>Sant\u00e9 Sud&#8217;s first project in Mali in 1989 led to the installation of several dozen rural doctors, supported by the local authorities. These initiatives were subsequently extended to Madagascar, Benin and Guinea.<\/p>\n<p>A WHO evaluation carried out in Madagascar in 2008 confirmed the relevance and effectiveness of this system, as well as the satisfaction of doctors and patients.<\/p>\n<p>Today, more than 30 midwives are or will be supported by Sant\u00e9 Sud in Madagascar to improve sexual and reproductive health care in very geographically isolated areas in two regions of the country. This support follows the same model as for the MGC and also enables initiatives to be developed around nutrition and 1000 days within and with communities.<\/p>\n<p><a class=\"button_orange\" href=\"https:\/\/www.santesud.org\/actualites\/temoignage-du-dr-jocelyn-president-de-lamc-mad\/\">Testimonial from Dr Jocelyn, President of AMC-MAD<\/a><\/p>\n    <\/div>\n   <\/div>\n   <div class=\"col-12 col-sm-5 order-1 order-sm-1 colonne colonne2 colonne2_pow164c6918d0eb407d order_right order_sm_yes\">\n   <\/div>\n  <\/div>\n\n <\/div>\n<\/div>\n\n\n<div id=\"field_pow48b8a20ed2484703_aa\" class=\"container-fluid px-0 flexible_section block_columns\">\n <div id=\"field_pow48b8a20ed2484703_aa_inner\" class=\"container flexible_section_inner animateOnScroll\" data-anim=\"animate__fadeIn\" data-delay=\"none\" data-speed=\"normal\" data-repeat=\"animate__repeat-1\">\n\n   <div class=\"row flexible_section_content\">\n\n   <div class=\"col-sm-12 colonne colonne1\">\n    <div class=\"colonne_inner h3 antonio text-center\">\n<p>With 500 doctors in place, this activity has improved access to healthcare for around<br \/>\naccess to healthcare for around 5 million people.<\/p>\n    <\/div>\n   <\/div>\n  <\/div>\n\n <\/div>\n<\/div>\n\n\n<div id=\"field_pow6d36328071ae416d\" class=\"container-fluid px-0 flexible_section block_categorygrid\">\n <div id=\"field_pow6d36328071ae416d_inner\" class=\"container flexible_section_inner\">\n\n  <div class=\"row flexible_section_title_container\"><div class=\"col-12 flexible_section_title_col\"><h2 class=\"flexible_section_title mb-5 text-center  oblique_blanc \">Nos programmes li\u00e9s \u00e0 cette th\u00e9matique<\/h2><\/div><\/div>\n<div class=\"container-fluid px-0\" id=\"grid_pow6d36328071ae416d_outer\">\n<div class=\"container px-0\">\n  <div class=\"row row-cols-1 row-cols-md-3 row-cols-lg-3 flexible_section_content\" id=\"grid_pow6d36328071ae416d\">\n   <div class=\"col-sm-12 col-md-4 col-lg-4  item mb-3 elem-1\">\n<div class=\"programme_content linkable mb-3 bg-white\" data-dest=\"https:\/\/www.santesud.org\/en\/programs\/urgences\/\">\r\n<div class=\"programme_content_visuel\"><img decoding=\"async\" src=\"https:\/\/www.santesud.org\/wp-content\/uploads\/2025\/04\/1-2-B-Madagascar-aspect-ratio-4-3.png\" alt=\"Urgences\" \/>\r\n<div class=\"item_content_metas\"><div class=\"oblique_marron\">Madagascar Guin\u00e9e <\/div><\/div>\r\n<\/div>\r\n<h3 class=\"h4 pt-3 px-3\">Urgences<\/h3>\r\n<div class=\"programme_content_excerpt px-3\">Emergency medicine training for general practitioners in countries with limited resources<\/div>\r\n<div class=\"programme_content_more text-right mt-3 px-3 pb-3\"><a href=\"https:\/\/www.santesud.org\/en\/programs\/urgences\/\" class=\"button_orange\">Lire la suite<\/a><\/div>\r\n<\/div>   <\/div>\n   <div class=\"col-sm-12 col-md-4 col-lg-4  item mb-3 elem-2\">\n<div class=\"programme_content linkable mb-3 bg-white\" data-dest=\"https:\/\/www.santesud.org\/en\/programs\/plurielles\/\">\r\n<div class=\"programme_content_visuel\"><img decoding=\"async\" src=\"https:\/\/www.santesud.org\/wp-content\/uploads\/2025\/04\/2.1-Madagascar-consultation-aspect-ratio-4-3.png\" alt=\"PluriElles\" \/>\r\n<div class=\"item_content_metas\"><div class=\"oblique_marron\">Madagascar <\/div><\/div>\r\n<\/div>\r\n<h3 class=\"h4 pt-3 px-3\">PluriElles<\/h3>\r\n<div class=\"programme_content_excerpt px-3\">Combating pandemics and strengthening sexual and reproductive health and rights in rural areas.<\/div>\r\n<div class=\"programme_content_more text-right mt-3 px-3 pb-3\"><a href=\"https:\/\/www.santesud.org\/en\/programs\/plurielles\/\" class=\"button_orange\">Lire la suite<\/a><\/div>\r\n<\/div>   <\/div>\n   <div class=\"col-sm-12 col-md-4 col-lg-4  item mb-3 elem-3\">\n<div class=\"programme_content linkable mb-3 bg-white\" data-dest=\"https:\/\/www.santesud.org\/en\/programs\/bien-naitre\/\">\r\n<div class=\"programme_content_visuel\"><img decoding=\"async\" src=\"https:\/\/www.santesud.org\/wp-content\/uploads\/2025\/04\/2.2-Consultation-sage-femme-aspect-ratio-4-3.png\" alt=\"Bien na\u00eetre (phase 2)\" \/>\r\n<div class=\"item_content_metas\"><div class=\"oblique_marron\">Madagascar <\/div><\/div>\r\n<\/div>\r\n<h3 class=\"h4 pt-3 px-3\">Bien na\u00eetre (phase 2)<\/h3>\r\n<div class=\"programme_content_excerpt px-3\">Promoting health, sexual and reproductive rights and child health in rural areas of Analamanga.<\/div>\r\n<div class=\"programme_content_more text-right mt-3 px-3 pb-3\"><a href=\"https:\/\/www.santesud.org\/en\/programs\/bien-naitre\/\" class=\"button_orange\">Lire la suite<\/a><\/div>\r\n<\/div>   <\/div>\n  <\/div>\n<\/div>\n<\/div>\n  <div class=\"row flexible_section_footer\"><div class=\"col\"><p>&nbsp;<\/p>\n<p style=\"text-align: center\"><a class=\"button_orange\" href=\"https:\/\/www.santesud.org\/nos-programmes\/\">D\u00e9couvrir tous nos programmes<\/a><\/p>\n<\/div><\/div>\n\n <\/div>\n<\/div>\n\n\n<div id=\"field_pow475e8aa93ad44dd5\" class=\"container-fluid px-0 flexible_section block_adaptativetextandimage\">\n <div id=\"field_pow475e8aa93ad44dd5_inner\" class=\"container flexible_section_inner\">\n\n   <div class=\"row no-gutters flexible_section_content adaptativeimage \" id=\"textimagebanner_pow475e8aa93ad44dd5\">\n\n   <div class=\"col-12 col-sm-7 order-2 order-sm-1 colonne colonne1 colonne1_pow475e8aa93ad44dd5 order_left order_sm_yes\">\n    <div class=\"colonne_inner text-left justify-content-start\">\n<h3>Towards institutional recognition<\/h3>\n<p>&nbsp;<\/p>\n<p>Sant\u00e9 Sud&#8217;s commitment over four decades demonstrates that innovative, pragmatic and targeted solutions can overcome the challenges of access to healthcare in rural areas, particularly when they are developed with and for communities.<\/p>\n<p><a class=\"button_orange\" href=\"https:\/\/www.santesud.org\/actualites\/entretien-avec-le-dr-hubert-balique-maitre-de-conferences-en-sante-publique-marseillais\/\">Interview with Dr Hubert BALIQUE<\/a><\/p>\n    <\/div>\n   <\/div>\n   <div class=\"col-12 col-sm-5 order-1 order-sm-2 colonne colonne2 colonne2_pow475e8aa93ad44dd5 order_left order_sm_yes\">\n   <\/div>\n  <\/div>\n\n <\/div>\n<\/div>\n","protected":false},"excerpt":{"rendered":"<p>En raison notamment du manque d\u2019attractivit\u00e9 de ces r\u00e9gions pour les m\u00e9decins, les soins de base sont souvent dispens\u00e9s par du personnel non m\u00e9dical et la m\u00e9decine traditionnelle reste r\u00e9pandue. Pourtant, de nombreux jeunes m\u00e9decins, form\u00e9s en nombre croissant depuis les ann\u00e9es 1970, ne trouvent pas d\u2019emploi dans le secteur public de leur pays.<\/p>\n","protected":false},"author":1,"featured_media":0,"parent":6027,"menu_order":19,"comment_status":"closed","ping_status":"closed","template":"","meta":{"_acf_changed":false,"inline_featured_image":false,"footnotes":""},"class_list":["post-6093","page","type-page","status-publish","hentry"],"acf":[],"yoast_head":"<!-- This site is optimized with the Yoast SEO plugin v27.4 - https:\/\/yoast.com\/product\/yoast-seo-wordpress\/ -->\n<title>Combating medical deserts and improving access to care - Sant\u00e9 Sud<\/title>\n<meta name=\"description\" content=\"En raison notamment du manque d\u2019attractivit\u00e9 de ces r\u00e9gions pour les m\u00e9decins, les soins de base sont souvent dispens\u00e9s par du personnel non m\u00e9dical et la m\u00e9decine traditionnelle reste r\u00e9pandue. Pourtant, de nombreux jeunes m\u00e9decins, form\u00e9s en nombre croissant depuis les ann\u00e9es 1970, ne trouvent pas d\u2019emploi dans le secteur public de leur pays.\" \/>\n<meta name=\"robots\" content=\"index, follow, max-snippet:-1, max-image-preview:large, max-video-preview:-1\" \/>\n<link rel=\"canonical\" href=\"https:\/\/www.santesud.org\/en\/who-are-we\/combating-medical-deserts-and-improving-access-to-care\/\" \/>\n<meta property=\"og:locale\" content=\"en_US\" \/>\n<meta property=\"og:type\" content=\"article\" \/>\n<meta property=\"og:title\" content=\"Combating medical deserts and improving access to care - Sant\u00e9 Sud\" \/>\n<meta property=\"og:description\" content=\"En raison notamment du manque d\u2019attractivit\u00e9 de ces r\u00e9gions pour les m\u00e9decins, les soins de base sont souvent dispens\u00e9s par du personnel non m\u00e9dical et la m\u00e9decine traditionnelle reste r\u00e9pandue. Pourtant, de nombreux jeunes m\u00e9decins, form\u00e9s en nombre croissant depuis les ann\u00e9es 1970, ne trouvent pas d\u2019emploi dans le secteur public de leur pays.\" \/>\n<meta property=\"og:url\" content=\"https:\/\/www.santesud.org\/en\/who-are-we\/combating-medical-deserts-and-improving-access-to-care\/\" \/>\n<meta property=\"og:site_name\" content=\"Sant\u00e9 Sud\" \/>\n<meta property=\"article:publisher\" content=\"https:\/\/www.facebook.com\/sante.sud\" \/>\n<meta property=\"article:modified_time\" content=\"2025-02-26T13:22:48+00:00\" \/>\n<meta name=\"twitter:card\" content=\"summary_large_image\" \/>\n<meta name=\"twitter:site\" content=\"@SanteSud13\" \/>\n<script type=\"application\/ld+json\" class=\"yoast-schema-graph\">{\"@context\":\"https:\\\/\\\/schema.org\",\"@graph\":[{\"@type\":\"WebPage\",\"@id\":\"https:\\\/\\\/www.santesud.org\\\/en\\\/who-are-we\\\/combating-medical-deserts-and-improving-access-to-care\\\/\",\"url\":\"https:\\\/\\\/www.santesud.org\\\/en\\\/who-are-we\\\/combating-medical-deserts-and-improving-access-to-care\\\/\",\"name\":\"Combating medical deserts and improving access to care - Sant\u00e9 Sud\",\"isPartOf\":{\"@id\":\"https:\\\/\\\/www.santesud.org\\\/en\\\/#website\"},\"datePublished\":\"2024-12-04T16:02:10+00:00\",\"dateModified\":\"2025-02-26T13:22:48+00:00\",\"description\":\"En raison notamment du manque d\u2019attractivit\u00e9 de ces r\u00e9gions pour les m\u00e9decins, les soins de base sont souvent dispens\u00e9s par du personnel non m\u00e9dical et la m\u00e9decine traditionnelle reste r\u00e9pandue. Pourtant, de nombreux jeunes m\u00e9decins, form\u00e9s en nombre croissant depuis les ann\u00e9es 1970, ne trouvent pas d\u2019emploi dans le secteur public de leur pays.\",\"breadcrumb\":{\"@id\":\"https:\\\/\\\/www.santesud.org\\\/en\\\/who-are-we\\\/combating-medical-deserts-and-improving-access-to-care\\\/#breadcrumb\"},\"inLanguage\":\"en-US\",\"potentialAction\":[{\"@type\":\"ReadAction\",\"target\":[\"https:\\\/\\\/www.santesud.org\\\/en\\\/who-are-we\\\/combating-medical-deserts-and-improving-access-to-care\\\/\"]}]},{\"@type\":\"BreadcrumbList\",\"@id\":\"https:\\\/\\\/www.santesud.org\\\/en\\\/who-are-we\\\/combating-medical-deserts-and-improving-access-to-care\\\/#breadcrumb\",\"itemListElement\":[{\"@type\":\"ListItem\",\"position\":1,\"name\":\"Accueil\",\"item\":\"https:\\\/\\\/www.santesud.org\\\/en\\\/\"},{\"@type\":\"ListItem\",\"position\":2,\"name\":\"Who are we?\",\"item\":\"https:\\\/\\\/www.santesud.org\\\/en\\\/who-are-we\\\/\"},{\"@type\":\"ListItem\",\"position\":3,\"name\":\"Combating medical deserts and improving access to care\"}]},{\"@type\":\"WebSite\",\"@id\":\"https:\\\/\\\/www.santesud.org\\\/en\\\/#website\",\"url\":\"https:\\\/\\\/www.santesud.org\\\/en\\\/\",\"name\":\"Sant\u00e9 Sud\",\"description\":\"Agir ensemble sans remplacer\",\"publisher\":{\"@id\":\"https:\\\/\\\/www.santesud.org\\\/en\\\/#organization\"},\"potentialAction\":[{\"@type\":\"SearchAction\",\"target\":{\"@type\":\"EntryPoint\",\"urlTemplate\":\"https:\\\/\\\/www.santesud.org\\\/en\\\/?s={search_term_string}\"},\"query-input\":{\"@type\":\"PropertyValueSpecification\",\"valueRequired\":true,\"valueName\":\"search_term_string\"}}],\"inLanguage\":\"en-US\"},{\"@type\":\"Organization\",\"@id\":\"https:\\\/\\\/www.santesud.org\\\/en\\\/#organization\",\"name\":\"Sant\u00e9 Sud\",\"url\":\"https:\\\/\\\/www.santesud.org\\\/en\\\/\",\"logo\":{\"@type\":\"ImageObject\",\"inLanguage\":\"en-US\",\"@id\":\"https:\\\/\\\/www.santesud.org\\\/en\\\/#\\\/schema\\\/logo\\\/image\\\/\",\"url\":\"https:\\\/\\\/www.santesud.org\\\/wp-content\\\/uploads\\\/2024\\\/09\\\/logo-sante-sud-1.svg\",\"contentUrl\":\"https:\\\/\\\/www.santesud.org\\\/wp-content\\\/uploads\\\/2024\\\/09\\\/logo-sante-sud-1.svg\",\"width\":900,\"height\":300,\"caption\":\"Sant\u00e9 Sud\"},\"image\":{\"@id\":\"https:\\\/\\\/www.santesud.org\\\/en\\\/#\\\/schema\\\/logo\\\/image\\\/\"},\"sameAs\":[\"https:\\\/\\\/www.facebook.com\\\/sante.sud\",\"https:\\\/\\\/x.com\\\/SanteSud13\",\"https:\\\/\\\/www.linkedin.com\\\/company\\\/sant-sud\\\/\",\"https:\\\/\\\/www.instagram.com\\\/sante_sud\\\/\",\"https:\\\/\\\/www.youtube.com\\\/@Sante-Sud\"]}]}<\/script>\n<!-- \/ Yoast SEO plugin. -->","yoast_head_json":{"title":"Combating medical deserts and improving access to care - Sant\u00e9 Sud","description":"En raison notamment du manque d\u2019attractivit\u00e9 de ces r\u00e9gions pour les m\u00e9decins, les soins de base sont souvent dispens\u00e9s par du personnel non m\u00e9dical et la m\u00e9decine traditionnelle reste r\u00e9pandue. Pourtant, de nombreux jeunes m\u00e9decins, form\u00e9s en nombre croissant depuis les ann\u00e9es 1970, ne trouvent pas d\u2019emploi dans le secteur public de leur pays.","robots":{"index":"index","follow":"follow","max-snippet":"max-snippet:-1","max-image-preview":"max-image-preview:large","max-video-preview":"max-video-preview:-1"},"canonical":"https:\/\/www.santesud.org\/en\/who-are-we\/combating-medical-deserts-and-improving-access-to-care\/","og_locale":"en_US","og_type":"article","og_title":"Combating medical deserts and improving access to care - Sant\u00e9 Sud","og_description":"En raison notamment du manque d\u2019attractivit\u00e9 de ces r\u00e9gions pour les m\u00e9decins, les soins de base sont souvent dispens\u00e9s par du personnel non m\u00e9dical et la m\u00e9decine traditionnelle reste r\u00e9pandue. Pourtant, de nombreux jeunes m\u00e9decins, form\u00e9s en nombre croissant depuis les ann\u00e9es 1970, ne trouvent pas d\u2019emploi dans le secteur public de leur pays.","og_url":"https:\/\/www.santesud.org\/en\/who-are-we\/combating-medical-deserts-and-improving-access-to-care\/","og_site_name":"Sant\u00e9 Sud","article_publisher":"https:\/\/www.facebook.com\/sante.sud","article_modified_time":"2025-02-26T13:22:48+00:00","twitter_card":"summary_large_image","twitter_site":"@SanteSud13","schema":{"@context":"https:\/\/schema.org","@graph":[{"@type":"WebPage","@id":"https:\/\/www.santesud.org\/en\/who-are-we\/combating-medical-deserts-and-improving-access-to-care\/","url":"https:\/\/www.santesud.org\/en\/who-are-we\/combating-medical-deserts-and-improving-access-to-care\/","name":"Combating medical deserts and improving access to care - Sant\u00e9 Sud","isPartOf":{"@id":"https:\/\/www.santesud.org\/en\/#website"},"datePublished":"2024-12-04T16:02:10+00:00","dateModified":"2025-02-26T13:22:48+00:00","description":"En raison notamment du manque d\u2019attractivit\u00e9 de ces r\u00e9gions pour les m\u00e9decins, les soins de base sont souvent dispens\u00e9s par du personnel non m\u00e9dical et la m\u00e9decine traditionnelle reste r\u00e9pandue. Pourtant, de nombreux jeunes m\u00e9decins, form\u00e9s en nombre croissant depuis les ann\u00e9es 1970, ne trouvent pas d\u2019emploi dans le secteur public de leur pays.","breadcrumb":{"@id":"https:\/\/www.santesud.org\/en\/who-are-we\/combating-medical-deserts-and-improving-access-to-care\/#breadcrumb"},"inLanguage":"en-US","potentialAction":[{"@type":"ReadAction","target":["https:\/\/www.santesud.org\/en\/who-are-we\/combating-medical-deserts-and-improving-access-to-care\/"]}]},{"@type":"BreadcrumbList","@id":"https:\/\/www.santesud.org\/en\/who-are-we\/combating-medical-deserts-and-improving-access-to-care\/#breadcrumb","itemListElement":[{"@type":"ListItem","position":1,"name":"Accueil","item":"https:\/\/www.santesud.org\/en\/"},{"@type":"ListItem","position":2,"name":"Who are we?","item":"https:\/\/www.santesud.org\/en\/who-are-we\/"},{"@type":"ListItem","position":3,"name":"Combating medical deserts and improving access to care"}]},{"@type":"WebSite","@id":"https:\/\/www.santesud.org\/en\/#website","url":"https:\/\/www.santesud.org\/en\/","name":"Sant\u00e9 Sud","description":"Agir ensemble sans remplacer","publisher":{"@id":"https:\/\/www.santesud.org\/en\/#organization"},"potentialAction":[{"@type":"SearchAction","target":{"@type":"EntryPoint","urlTemplate":"https:\/\/www.santesud.org\/en\/?s={search_term_string}"},"query-input":{"@type":"PropertyValueSpecification","valueRequired":true,"valueName":"search_term_string"}}],"inLanguage":"en-US"},{"@type":"Organization","@id":"https:\/\/www.santesud.org\/en\/#organization","name":"Sant\u00e9 Sud","url":"https:\/\/www.santesud.org\/en\/","logo":{"@type":"ImageObject","inLanguage":"en-US","@id":"https:\/\/www.santesud.org\/en\/#\/schema\/logo\/image\/","url":"https:\/\/www.santesud.org\/wp-content\/uploads\/2024\/09\/logo-sante-sud-1.svg","contentUrl":"https:\/\/www.santesud.org\/wp-content\/uploads\/2024\/09\/logo-sante-sud-1.svg","width":900,"height":300,"caption":"Sant\u00e9 Sud"},"image":{"@id":"https:\/\/www.santesud.org\/en\/#\/schema\/logo\/image\/"},"sameAs":["https:\/\/www.facebook.com\/sante.sud","https:\/\/x.com\/SanteSud13","https:\/\/www.linkedin.com\/company\/sant-sud\/","https:\/\/www.instagram.com\/sante_sud\/","https:\/\/www.youtube.com\/@Sante-Sud"]}]}},"_links":{"self":[{"href":"https:\/\/www.santesud.org\/en\/wp-json\/wp\/v2\/pages\/6093","targetHints":{"allow":["GET"]}}],"collection":[{"href":"https:\/\/www.santesud.org\/en\/wp-json\/wp\/v2\/pages"}],"about":[{"href":"https:\/\/www.santesud.org\/en\/wp-json\/wp\/v2\/types\/page"}],"author":[{"embeddable":true,"href":"https:\/\/www.santesud.org\/en\/wp-json\/wp\/v2\/users\/1"}],"replies":[{"embeddable":true,"href":"https:\/\/www.santesud.org\/en\/wp-json\/wp\/v2\/comments?post=6093"}],"version-history":[{"count":1,"href":"https:\/\/www.santesud.org\/en\/wp-json\/wp\/v2\/pages\/6093\/revisions"}],"predecessor-version":[{"id":6095,"href":"https:\/\/www.santesud.org\/en\/wp-json\/wp\/v2\/pages\/6093\/revisions\/6095"}],"up":[{"embeddable":true,"href":"https:\/\/www.santesud.org\/en\/wp-json\/wp\/v2\/pages\/6027"}],"wp:attachment":[{"href":"https:\/\/www.santesud.org\/en\/wp-json\/wp\/v2\/media?parent=6093"}],"curies":[{"name":"wp","href":"https:\/\/api.w.org\/{rel}","templated":true}]}}