{"id":6027,"date":"2024-09-30T12:12:15","date_gmt":"2024-09-30T10:12:15","guid":{"rendered":"https:\/\/www.santesud.org\/qui-sommes-nous\/"},"modified":"2025-02-24T14:35:56","modified_gmt":"2025-02-24T13:35:56","slug":"who-are-we","status":"publish","type":"page","link":"https:\/\/www.santesud.org\/en\/who-are-we\/","title":{"rendered":"Who are we?"},"content":{"rendered":"<div id=\"field_pow2fb334139a90433a\" class=\"container-fluid px-0 flexible_section block_columns\">\n <div id=\"field_pow2fb334139a90433a_inner\" class=\"container flexible_section_inner\">\n\n   <div class=\"row flexible_section_content\">\n\n   <div class=\"col-sm-12 colonne colonne1\">\n    <div class=\"colonne_inner  text-left\">\n<h1>Who are we?<\/h1>\n<p>&nbsp;<\/p>\n    <\/div>\n   <\/div>\n  <\/div>\n\n <\/div>\n<div id=\"shapedivider_pow2fb334139a90433a_bottom\" class=\"shapedivider_outer\">\n<svg data-name=\"Layer 1\" xmlns=\"http:\/\/www.w3.org\/2000\/svg\" viewBox=\"0 0 1200 120\" preserveAspectRatio=\"none\">\n<path d=\"M1200 120L0 16.48 0 0 1200 0 1200 120z\" class=\"shape-fill\"><\/path>\n<\/svg>\n<\/div>\n\n<\/div>\n\n\n<div id=\"field_pow3bf500ffb92f44ce\" class=\"container-fluid px-0 flexible_section block_adaptativetextandimage\">\n <div id=\"field_pow3bf500ffb92f44ce_inner\" class=\"container flexible_section_inner\">\n\n   <div class=\"row no-gutters flexible_section_content adaptativeimage \" id=\"textimagebanner_pow3bf500ffb92f44ce\">\n\n   <div class=\"col-12 col-sm-7 order-2 order-sm-1 colonne colonne1 colonne1_pow3bf500ffb92f44ce order_left order_sm_yes\">\n    <div class=\"colonne_inner text-left justify-content-start\">\n<h2>40 years of commitment to<br \/>\naccess and the right to healthcare<\/h2>\n<p>&nbsp;<\/p>\n<p>Founded in 1984 by healthcare professionals, Sant\u00e9 Sud is an international solidarity organisation committed to the right to health for all, working with its partners to strengthen healthcare systems in the long term and empower populations.<\/p>\n<p>Our programmes are designed around an integrated, global vision of health based on rights and gender equality. We act without replacing, building the capacity of our partners and developing the skills of health human resources so that everyone has access to quality care.<\/p>\n    <\/div>\n   <\/div>\n   <div class=\"col-12 col-sm-5 order-1 order-sm-2 colonne colonne2 colonne2_pow3bf500ffb92f44ce order_left order_sm_yes\">\n   <\/div>\n  <\/div>\n\n <\/div>\n<\/div>\n\n\n<div id=\"field_pow59d52bede824422c\" class=\"container-fluid px-0 flexible_section block_columns\">\n <div id=\"field_pow59d52bede824422c_inner\" class=\"container flexible_section_inner animateOnScroll\" data-anim=\"animate__fadeIn\" data-delay=\"none\" data-speed=\"normal\" data-repeat=\"animate__repeat-1\">\n\n   <div class=\"row flexible_section_content\">\n\n   <div class=\"col-sm-12 colonne colonne1\">\n    <div class=\"colonne_inner h2 antonio text-center\">\n<p><em>\u00ab Remove barriers, whether geographical, economic or social,<br \/>\nand contribute to fairer, more inclusive access to healthcare\u00a0\u00bb<\/em><\/p>\n    <\/div>\n   <\/div>\n  <\/div>\n\n <\/div>\n<\/div>\n\n\n<div id=\"field_pow624b6a26f8474b69\" class=\"container-fluid px-0 flexible_section block_columns\">\n <div id=\"field_pow624b6a26f8474b69_inner\" class=\"container flexible_section_inner\">\n\n  <div class=\"row flexible_section_title_container\"><div class=\"col-12 flexible_section_title_col\"><h2 class=\"flexible_section_title mb-5 text-center  oblique_orange \">Our areas of expertise<\/h2><\/div><\/div>\n   <div class=\"row flexible_section_content\">\n\n   <div class=\"mb-3 mb-sm-0 col-sm-4 colonne colonne1\">\n    <div class=\"colonne_inner  text-left\">\n<p><img loading=\"lazy\" decoding=\"async\" class=\"alignnone size-full wp-image-4398\" src=\"https:\/\/www.santesud.org\/wp-content\/uploads\/2024\/10\/CHAPITRE-2-Femme-enceinte-B.png\" alt=\"\" width=\"300\" height=\"300\" srcset=\"https:\/\/www.santesud.org\/wp-content\/uploads\/2024\/10\/CHAPITRE-2-Femme-enceinte-B.png 300w, https:\/\/www.santesud.org\/wp-content\/uploads\/2024\/10\/CHAPITRE-2-Femme-enceinte-B-150x150.png 150w\" sizes=\"auto, (max-width: 300px) 100vw, 300px\" \/><\/p>\n    <\/div>\n   <\/div>\n   <div class=\"col-sm-8 colonne colonne2\">\n    <div class=\"colonne_inner text-left d-flex align-items-center justify-content-start\">\n    <div class=\"colonne_inner_sub \">\n<h3>Combating medical deserts and improving access to healthcare<\/h3>\n<p>Since its creation, Sant\u00e9 Sud has been working to bring medical care to rural areas in countries with limited resources, to combat the unequal distribution of healthcare professionals and to improve access to healthcare for people living in the most isolated regions.<\/p>\n<p>Over 500 healthcare professionals have been installed by Sant\u00e9 Sud and its partners in Mali, Benin, Guinea and Madagascar. This innovative approach has proved its worth and provides a relevant and sustainable response to the fight against medical deserts.<\/p>\n<p><a class=\"button_marron\" href=\"https:\/\/www.santesud.org\/qui-sommes-nous\/lutter-contre-les-deserts-medicaux-et-ameliorer-lacces-aux-soins\/\">Read more<\/a><\/p>\n    <\/div>\n    <\/div>\n   <\/div>\n  <\/div>\n\n <\/div>\n<\/div>\n\n\n<div id=\"field_powf59515639ab64a8a\" class=\"container-fluid px-0 flexible_section block_columns\">\n <div id=\"field_powf59515639ab64a8a_inner\" class=\"container flexible_section_inner\">\n\n   <div class=\"row flexible_section_content\">\n\n   <div class=\"mb-3 mb-sm-0 col-sm-8 colonne colonne1\">\n    <div class=\"colonne_inner text-left d-flex align-items-center justify-content-start\">\n    <div class=\"colonne_inner_sub \">\n<h3>Strengthening human resources in health<\/h3>\n<p>In all its programmes, Sant\u00e9 Sud trains primary and referral healthcare professionals, encourages their networking, works with them to draw up plans to improve care pathways, and sets up on-site monitoring and mentoring to ensure that training content is properly taken on board.<\/p>\n<p>To do this, the association draws on its network of experts, comprising more than 40 health professions and medical specialities. This collaboration strengthens local skills, encourages the transfer of knowledge, enriches approaches and helps to empower local players.<\/p>\n<p><a class=\"button_marron\" href=\"https:\/\/www.santesud.org\/qui-sommes-nous\/renforcer-les-ressources-humaines-en-sante\/\">Read more<\/a><\/p>\n    <\/div>\n    <\/div>\n   <\/div>\n   <div class=\"col-sm-4 colonne colonne2\">\n    <div class=\"colonne_inner  text-left\">\n<p><img loading=\"lazy\" decoding=\"async\" class=\"alignnone size-full wp-image-4396\" src=\"https:\/\/www.santesud.org\/wp-content\/uploads\/2024\/11\/17-Planification-Familiale-clinique.png\" alt=\"\" width=\"300\" height=\"300\" srcset=\"https:\/\/www.santesud.org\/wp-content\/uploads\/2024\/11\/17-Planification-Familiale-clinique.png 300w, https:\/\/www.santesud.org\/wp-content\/uploads\/2024\/11\/17-Planification-Familiale-clinique-150x150.png 150w\" sizes=\"auto, (max-width: 300px) 100vw, 300px\" \/><\/p>\n    <\/div>\n   <\/div>\n  <\/div>\n\n <\/div>\n<\/div>\n\n\n<div id=\"field_pow2d37819188464481\" class=\"container-fluid px-0 flexible_section block_columns\">\n <div id=\"field_pow2d37819188464481_inner\" class=\"container flexible_section_inner\">\n\n   <div class=\"row flexible_section_content\">\n\n   <div class=\"mb-3 mb-sm-0 col-sm-4 colonne colonne1\">\n    <div class=\"colonne_inner  text-left\">\n<p><img loading=\"lazy\" decoding=\"async\" class=\"alignnone size-full wp-image-4397\" src=\"https:\/\/www.santesud.org\/wp-content\/uploads\/2024\/11\/0-3-Filles.png\" alt=\"\" width=\"300\" height=\"300\" srcset=\"https:\/\/www.santesud.org\/wp-content\/uploads\/2024\/11\/0-3-Filles.png 300w, https:\/\/www.santesud.org\/wp-content\/uploads\/2024\/11\/0-3-Filles-150x150.png 150w\" sizes=\"auto, (max-width: 300px) 100vw, 300px\" \/><\/p>\n    <\/div>\n   <\/div>\n   <div class=\"col-sm-8 colonne colonne2\">\n    <div class=\"colonne_inner text-left d-flex align-items-center justify-content-start\">\n    <div class=\"colonne_inner_sub \">\n<h3>Raising awareness and informing people about their rights to healthcare<\/h3>\n<p>Sant\u00e9 Sud&#8217;s mission is to empower the people affected by its activities to take action on their own health. The aim is to develop community-based, participatory approaches to enable people to make the right choices for their own health.<\/p>\n<p>In partnership with our community partners, the aim is to provide communities with the information and skills they need to understand health issues, preventive health practices and treatment options. Using methodologies such as mobilising community relays and peer education, local people become active players in the projects and in their own health.<\/p>\n<p><a class=\"button_marron\" href=\"https:\/\/www.santesud.org\/qui-sommes-nous\/sensibiliser-et-informer-les-populations-sur-leurs-droits-a-la-sante\/\">Read more<\/a><\/p>\n    <\/div>\n    <\/div>\n   <\/div>\n  <\/div>\n\n <\/div>\n<\/div>\n\n\n<div id=\"field_pow8f6f37873d5e4270\" class=\"container-fluid px-0 flexible_section block_columns\">\n <div id=\"field_pow8f6f37873d5e4270_inner\" class=\"container flexible_section_inner\">\n\n  <div class=\"row flexible_section_title_container\"><div class=\"col-12 flexible_section_title_col\"><h2 class=\"flexible_section_title mb-5 text-center  oblique_marron \">Our values<\/h2><\/div><\/div>\n   <div class=\"row flexible_section_content\">\n\n   <div class=\"rounded mb-3 mb-sm-0 col-sm-3 colonne colonne1\">\n    <div class=\"colonne_inner p-3 text-center\">\n<p><img loading=\"lazy\" decoding=\"async\" class=\"alignnone size-full wp-image-4460\" src=\"https:\/\/www.santesud.org\/wp-content\/uploads\/2024\/10\/coconstruction.png\" alt=\"\" width=\"150\" height=\"150\" \/><\/p>\n<h3>Co-construction<\/h3>\n    <\/div>\n   <\/div>\n   <div class=\"mb-3 mb-sm-0 col-sm-3 colonne colonne2\">\n    <div class=\"colonne_inner text-left d-flex align-items-center justify-content-start\">\n    <div class=\"colonne_inner_sub p-1\">\n<p>On a day-to-day basis, we work with our partners in the voluntary sector, healthcare professionals and institutions to build capacity, provide ongoing training, and encourage mentoring and exchanges.<\/p>\n    <\/div>\n    <\/div>\n   <\/div>\n   <div class=\"rounded mb-3 mb-sm-0 col-sm-3 colonne colonne3\">\n    <div class=\"colonne_inner p-3 text-center\">\n<p><img loading=\"lazy\" decoding=\"async\" class=\"alignnone size-full wp-image-4459\" src=\"https:\/\/www.santesud.org\/wp-content\/uploads\/2024\/10\/responsabilite.png\" alt=\"\" width=\"150\" height=\"150\" \/><\/p>\n<h3>Liability<\/h3>\n    <\/div>\n   <\/div>\n   <div class=\"col-sm-3 colonne colonne4\">\n    <div class=\"colonne_inner text-left d-flex align-items-center justify-content-start\">\n    <div class=\"colonne_inner_sub p-1\">\n<p>We are working to reduce social and territorial inequalities in health and, together with our partners, are accountable for our actions to the populations concerned.<\/p>\n    <\/div>\n    <\/div>\n   <\/div>\n  <\/div>\n\n <\/div>\n<\/div>\n\n\n<div id=\"field_pow8f6f37873d5e4270_aa\" class=\"container-fluid px-0 flexible_section block_columns\">\n <div id=\"field_pow8f6f37873d5e4270_aa_inner\" class=\"container flexible_section_inner\">\n\n   <div class=\"row flexible_section_content\">\n\n   <div class=\"rounded mb-3 mb-sm-0 col-sm-3 colonne colonne1\">\n    <div class=\"colonne_inner p-3 text-center\">\n<p><img loading=\"lazy\" decoding=\"async\" class=\"alignnone size-full wp-image-4461\" src=\"https:\/\/www.santesud.org\/wp-content\/uploads\/2024\/10\/expertise.png\" alt=\"\" width=\"150\" height=\"150\" \/><\/p>\n<h3>Expertise<\/h3>\n    <\/div>\n   <\/div>\n   <div class=\"mb-3 mb-sm-0 col-sm-3 colonne colonne2\">\n    <div class=\"colonne_inner text-left d-flex align-items-center justify-content-start\">\n    <div class=\"colonne_inner_sub p-1\">\n<p>We are a network of experts who draw on scientific data and experience to contribute to the continuous improvement of healthcare systems.<\/p>\n    <\/div>\n    <\/div>\n   <\/div>\n   <div class=\"rounded mb-3 mb-sm-0 col-sm-3 colonne colonne3\">\n    <div class=\"colonne_inner p-3 text-center\">\n<p><img loading=\"lazy\" decoding=\"async\" class=\"alignnone size-full wp-image-4462\" src=\"https:\/\/www.santesud.org\/wp-content\/uploads\/2024\/10\/justice.png\" alt=\"\" width=\"150\" height=\"150\" \/><\/p>\n<h3>Justice<\/h3>\n    <\/div>\n   <\/div>\n   <div class=\"col-sm-3 colonne colonne4\">\n    <div class=\"colonne_inner text-left d-flex align-items-center justify-content-start\">\n    <div class=\"colonne_inner_sub p-1\">\n<p>Our aim is to adapt healthcare systems so that everyone has fair access to the right to health, while respecting an ethical framework and local realities.<\/p>\n    <\/div>\n    <\/div>\n   <\/div>\n  <\/div>\n\n <\/div>\n<\/div>\n\n\n<div id=\"field_pow59d52bede824422c_aa\" class=\"container-fluid px-0 flexible_section block_columns\">\n <div id=\"field_pow59d52bede824422c_aa_inner\" class=\"container flexible_section_inner animateOnScroll\" data-anim=\"animate__fadeIn\" data-delay=\"none\" data-speed=\"normal\" data-repeat=\"animate__repeat-1\">\n\n   <div class=\"row flexible_section_content\">\n\n   <div class=\"col-sm-12 colonne colonne1\">\n    <div class=\"colonne_inner h2 antonio text-center\">\n<p><em>\u00ab We take action, without replacing anyone else and through joint construction with the public and our institutional and association partners, to strengthen the players in the healthcare systems while developing healthcare democracy. \u00bb<\/em><\/p>\n    <\/div>\n   <\/div>\n  <\/div>\n\n <\/div>\n<\/div>\n\n\n<div id=\"field_pow191f7e2fc67845fc\" class=\"container-fluid px-0 flexible_section block_columns\">\n <div id=\"field_pow191f7e2fc67845fc_inner\" class=\"container flexible_section_inner\">\n\n  <div class=\"row flexible_section_title_container\"><div class=\"col-12 flexible_section_title_col\"><h2 class=\"flexible_section_title mb-5 text-center  oblique_orange \">A direct and measurable impact<\/h2><\/div><\/div>\n   <div class=\"row flexible_section_content\">\n\n   <div class=\"col-sm-12 colonne colonne1\">\n    <div class=\"colonne_inner  text-left\">\n<p>Through its actions, Sant\u00e9 Sud contributes to the 5 Sustainable Development Goals (SDGs) adopted by the United Nations.<\/p>\n    <\/div>\n   <\/div>\n  <\/div>\n\n <\/div>\n<\/div>\n\n\n<div id=\"field_powe62eb0e6543541ef\" class=\"container-fluid px-0 flexible_section block_logosgrid\">\n <div id=\"field_powe62eb0e6543541ef_inner\" class=\"container flexible_section_inner\">\n\n<div class=\"container_full\" id=\"logogrid_powe62eb0e6543541ef_outer\">\n<div class=\"container\">\n<div id=\"gridlogos_powe62eb0e6543541ef\" class=\"row row-cols-2 row-cols-md-3 row-cols-lg-5 \">\n<div class=\"col  align-self-center px-0 py-3\"> <div class=\"logo_container\">  <img decoding=\"async\" src=\"https:\/\/www.santesud.org\/wp-content\/uploads\/2024\/10\/F-WEB-Goal-02.png\" alt=\"\" class=\"logo \" \/> <\/div>\n<\/div>\n<div class=\"col  align-self-center px-0 py-3\"> <div class=\"logo_container\">  <img decoding=\"async\" src=\"https:\/\/www.santesud.org\/wp-content\/uploads\/2024\/10\/F-WEB-Goal-03.png\" alt=\"\" class=\"logo \" \/> <\/div>\n<\/div>\n<div class=\"col  align-self-center px-0 py-3\"> <div class=\"logo_container\">  <img decoding=\"async\" src=\"https:\/\/www.santesud.org\/wp-content\/uploads\/2024\/10\/F-WEB-Goal-05.png\" alt=\"\" class=\"logo \" \/> <\/div>\n<\/div>\n<div class=\"col  align-self-center px-0 py-3\"> <div class=\"logo_container\">  <img decoding=\"async\" src=\"https:\/\/www.santesud.org\/wp-content\/uploads\/2024\/10\/F-WEB-Goal-10.png\" alt=\"\" class=\"logo \" \/> <\/div>\n<\/div>\n<div class=\"col  align-self-center px-0 py-3\"> <div class=\"logo_container\">  <img decoding=\"async\" src=\"https:\/\/www.santesud.org\/wp-content\/uploads\/2024\/10\/F-WEB-Goal-17.png\" alt=\"\" class=\"logo \" \/> <\/div>\n<\/div>\n<\/div>\n<\/div>\n<\/div>\n <\/div>\n<\/div>\n\n\n<div id=\"field_pow0b9de8973eef460d\" class=\"container-fluid px-0 flexible_section block_columns\">\n <div id=\"field_pow0b9de8973eef460d_inner\" class=\"container flexible_section_inner\">\n\n  <div class=\"row flexible_section_title_container\"><div class=\"col-12 flexible_section_title_col\"><h2 class=\"flexible_section_title mb-5 text-center  oblique_marron \">Our approach<\/h2><\/div><\/div>\n   <div class=\"row flexible_section_content\">\n\n   <div class=\"mb-3 mb-sm-0 col-sm-6 colonne colonne1\">\n    <div class=\"colonne_inner  text-left\">\n<p>Sant\u00e9 Sud works at all levels of the health pyramid and with all players in the health systems in the countries in which it operates:<\/p>\n    <\/div>\n   <\/div>\n   <div class=\"col-sm-6 colonne colonne2\">\n    <div class=\"colonne_inner  text-left\">\n    <\/div>\n   <\/div>\n  <\/div>\n\n <\/div>\n<\/div>\n\n\n<div id=\"field_pow54d10e3b07c64988\" class=\"container-fluid px-0 flexible_section block_adaptativetextandimage\">\n <div id=\"field_pow54d10e3b07c64988_inner\" class=\"container flexible_section_inner\">\n\n   <div class=\"row no-gutters flexible_section_content adaptativeimage \" id=\"textimagebanner_pow54d10e3b07c64988\">\n\n   <div class=\"col-12 col-sm-7 order-2 order-sm-1 colonne colonne1 colonne1_pow54d10e3b07c64988 order_left order_sm_yes\">\n    <div class=\"colonne_inner text-left justify-content-start\">\n<h3>A community-based, participatory approach<\/h3>\n<p>with the aim of developing individual skills and greater empowerment in terms of health and rights.<\/p>\n<p>The aim is to provide individuals and communities with the information and skills they need to understand health issues, preventive health practices and treatment options. Using methodologies such as the mobilisation of community relays and peer-to-peer work, local people are fully involved in the projects and in their own health.<\/p>\n    <\/div>\n   <\/div>\n   <div class=\"col-12 col-sm-5 order-1 order-sm-2 colonne colonne2 colonne2_pow54d10e3b07c64988 order_left order_sm_yes\">\n   <\/div>\n  <\/div>\n\n <\/div>\n<\/div>\n\n\n<div id=\"field_powcaa7e9a3062d41dd\" class=\"container-fluid px-0 flexible_section block_adaptativetextandimage\">\n <div id=\"field_powcaa7e9a3062d41dd_inner\" class=\"container flexible_section_inner\">\n\n   <div class=\"row no-gutters flexible_section_content adaptativeimage \" id=\"textimagebanner_powcaa7e9a3062d41dd\">\n\n   <div class=\"col-12 col-sm-7 order-2 order-sm-2 colonne colonne1 colonne1_powcaa7e9a3062d41dd order_right order_sm_yes\">\n    <div class=\"colonne_inner text-left justify-content-start\">\n<h3>Strengthening civil society<\/h3>\n<p>to support local communities and advocate for health-promoting environments<\/p>\n<p>All our projects are implemented in partnership with local associations, all committed to the right to health for all. From Rabat to Nouakchott, from Tunis to Antanarivo, Sant\u00e9 Sud contributes to the empowerment of associations of patients, healthcare professionals, defenders and activists of the right to health.<\/p>\n<p>Our projects are co-constructed with our partners on the basis of a diagnosis of the local situation. They are implemented through a process of transmission, mentoring and exchange of expertise, with responsibility for the actions implemented being shared.<\/p>\n<p>By supporting them in their activities and strengthening their capacities, Sant\u00e9 Sud works to ensure that civil society players make an active contribution to tackling health issues.<\/p>\n    <\/div>\n   <\/div>\n   <div class=\"col-12 col-sm-5 order-1 order-sm-1 colonne colonne2 colonne2_powcaa7e9a3062d41dd order_right order_sm_yes\">\n   <\/div>\n  <\/div>\n\n <\/div>\n<\/div>\n\n\n<div id=\"field_powf4d0d234bdc04e35\" class=\"container-fluid px-0 flexible_section block_adaptativetextandimage\">\n <div id=\"field_powf4d0d234bdc04e35_inner\" class=\"container flexible_section_inner\">\n\n   <div class=\"row no-gutters flexible_section_content adaptativeimage \" id=\"textimagebanner_powf4d0d234bdc04e35\">\n\n   <div class=\"col-12 col-sm-7 order-2 order-sm-1 colonne colonne1 colonne1_powf4d0d234bdc04e35 order_left order_sm_yes\">\n    <div class=\"colonne_inner text-left justify-content-start\">\n<h3>Partnership with the health authorities<\/h3>\n<p>in implementing and coordinating public health policies that meet the needs of populations.<\/p>\n<p>The aim of this support is to strengthen healthcare structures and systems by forging alliances with the various stakeholders to achieve greater impact and sustainability. The partnership with the Ministries of Health is essential for co-constructing strategies, ensuring that they are part of national policies and ensuring their sustainability.<\/p>\n    <\/div>\n   <\/div>\n   <div class=\"col-12 col-sm-5 order-1 order-sm-2 colonne colonne2 colonne2_powf4d0d234bdc04e35 order_left order_sm_yes\">\n   <\/div>\n  <\/div>\n\n <\/div>\n<\/div>\n\n\n<div id=\"field_pow3e79754637fb453b\" class=\"container-fluid px-0 flexible_section block_adaptativetextandimage\">\n <div id=\"field_pow3e79754637fb453b_inner\" class=\"container flexible_section_inner\">\n\n   <div class=\"row no-gutters flexible_section_content adaptativeimage \" id=\"textimagebanner_pow3e79754637fb453b\">\n\n   <div class=\"col-12 col-sm-7 order-2 order-sm-2 colonne colonne1 colonne1_pow3e79754637fb453b order_right order_sm_yes\">\n    <div class=\"colonne_inner text-left justify-content-start\">\n<h3>Strengthening human resources in primary and referral healthcare<\/h3>\n<p>to offer better quality care to all and guarantee the right to health.<\/p>\n<p>We support medical and care teams in improving their skills to offer appropriate, high-quality care. The training and monitoring of healthcare professionals\u2219les is embedded in local contexts, taking into account the specific needs of healthcare structures and the rights of populations.<\/p>\n    <\/div>\n   <\/div>\n   <div class=\"col-12 col-sm-5 order-1 order-sm-1 colonne colonne2 colonne2_pow3e79754637fb453b order_right order_sm_yes\">\n   <\/div>\n  <\/div>\n\n <\/div>\n<\/div>\n\n\n<div id=\"field_pow59d52bede824422c_bb\" class=\"container-fluid px-0 flexible_section block_columns\">\n <div id=\"field_pow59d52bede824422c_bb_inner\" class=\"container flexible_section_inner animateOnScroll\" data-anim=\"animate__fadeIn\" data-delay=\"none\" data-speed=\"normal\" data-repeat=\"animate__repeat-1\">\n\n   <div class=\"row flexible_section_content\">\n\n   <div class=\"col-sm-12 colonne colonne1\">\n    <div class=\"colonne_inner h2 antonio text-center\">\n<p>Sant\u00e9 Sud carries out its actions in such a way as to include the various factors that discriminate against populations, which often intersect, due to their economic and social vulnerability, their gender, their geographical isolation, or the violence and stigmatisation they may suffer.<\/p>\n    <\/div>\n   <\/div>\n  <\/div>\n\n <\/div>\n<\/div>\n\n\n<div id=\"field_powe6123856bcab4977\" class=\"container-fluid px-0 flexible_section block_adaptativetextandimage\">\n <div id=\"field_powe6123856bcab4977_inner\" class=\"container flexible_section_inner\">\n\n  <div class=\"row flexible_section_title_container\"><div class=\"col-12 flexible_section_title_col\"><h2 class=\"flexible_section_title mb-5 text-left  oblique_blanc \">Promoting international collaboration and exchanges of expertise<\/h2><\/div><\/div>\n   <div class=\"row no-gutters flexible_section_content adaptativeimage \" id=\"textimagebanner_powe6123856bcab4977\">\n\n   <div class=\"col-12 col-sm-7 order-2 order-sm-1 colonne colonne1 colonne1_powe6123856bcab4977 order_left order_sm_yes\">\n    <div class=\"colonne_inner text-left justify-content-start\">\n<p>To encourage the development and exchange of international expertise, we work with an international network of 300 experts in over 40 healthcare professions and medical specialities.<\/p>\n<p>Their mission is to participate in the design and implementation of projects both at our headquarters in Marseille, by supporting our teams, and in the field, by training and supporting our partners and civil society associations. This collaboration strengthens local skills, promotes knowledge transfer, enriches approaches and helps to empower local players.<\/p>\n<p>Every year, we organise almost 1,700 days of training in our various areas of operation, thanks to our experts.<\/p>\n    <\/div>\n   <\/div>\n   <div class=\"col-12 col-sm-5 order-1 order-sm-2 colonne colonne2 colonne2_powe6123856bcab4977 order_left order_sm_yes\">\n   <\/div>\n  <\/div>\n\n <\/div>\n<\/div>\n\n\n<div id=\"field_powba614fa2f2354ccc\" class=\"container-fluid px-0 flexible_section block_columns\">\n <div id=\"field_powba614fa2f2354ccc_inner\" class=\"container flexible_section_inner\">\n\n  <div class=\"row flexible_section_title_container\"><div class=\"col-12 flexible_section_title_col\"><h2 class=\"flexible_section_title mb-5 text-center  oblique_marron \">A Groupe SOS association<\/h2><\/div><\/div>\n   <div class=\"row flexible_section_content\">\n\n   <div class=\"mb-3 mb-sm-0 col-sm-6 colonne colonne1\">\n    <div class=\"colonne_inner  text-left\">\n<p>Since 1984, the SOS Group has been a major player in the social economy in Europe. It develops and unites associations and social enterprises, linked by their social and environmental commitment.<\/p>\n<p>The SOS Group focuses its action on two major themes: on the one hand, medico-social care, managing establishments dedicated to young people, health, vulnerable people and the elderly; on the other hand, the preparation of a sustainable and inclusive future, with ambitious projects for the ecological transition, territorial revitalisation, sustainable businesses and accessible culture.<\/p>\n<p>By tackling all issues, however complex, the SOS Group stands out for its boldness, resilience and capacity for innovation.<\/p>\n    <\/div>\n   <\/div>\n   <div class=\"col-sm-6 colonne colonne2\">\n    <div class=\"colonne_inner  text-left\">\n<p>Secular and non-partisan, and active in a wide range of fields, it embodies a genuine social project.<\/p>\n<p>22,000 employees, 2 million beneficiaries every year, 850 establishments, associations and social enterprises, 50 countries. The SOS Group, making a major impact for a sustainable future based on solidarity.<\/p>\n<p>&nbsp;<\/p>\n<p><a href=\"https:\/\/www.santesud.org\/wp-content\/uploads\/2024\/11\/GroupeSOS_logotype_baseline_FR.svg\"><img loading=\"lazy\" decoding=\"async\" class=\"alignnone size-medium wp-image-4512\" src=\"https:\/\/www.santesud.org\/wp-content\/uploads\/2024\/11\/GroupeSOS_logotype_baseline_FR.svg\" alt=\"\" width=\"300\" height=\"99\" \/><\/a><\/p>\n    <\/div>\n   <\/div>\n  <\/div>\n\n <\/div>\n<\/div>\n","protected":false},"excerpt":{"rendered":"<p>Cr\u00e9\u00e9e en 1984 par des professionnel\u00b7les de sant\u00e9, Sant\u00e9 Sud est une organisation de solidarit\u00e9 internationale engag\u00e9e pour le droit \u00e0 la sant\u00e9 pour toutes et tous qui agit avec ses partenaires pour le renforcement p\u00e9renne des syst\u00e8mes de sant\u00e9 et le pouvoir d\u2019agir des populations.<\/p>\n","protected":false},"author":1,"featured_media":0,"parent":0,"menu_order":38,"comment_status":"closed","ping_status":"closed","template":"","meta":{"_acf_changed":false,"inline_featured_image":false,"footnotes":""},"class_list":["post-6027","page","type-page","status-publish","hentry"],"acf":[],"yoast_head":"<!-- This site is optimized with the Yoast SEO plugin v27.4 - https:\/\/yoast.com\/product\/yoast-seo-wordpress\/ -->\n<title>Who are we? - Sant\u00e9 Sud<\/title>\n<meta name=\"description\" content=\"Cr\u00e9\u00e9e en 1984 par des professionnel\u00b7les de sant\u00e9, Sant\u00e9 Sud est une organisation de solidarit\u00e9 internationale engag\u00e9e pour le droit \u00e0 la sant\u00e9 pour toutes et tous qui agit avec ses partenaires pour le renforcement p\u00e9renne des syst\u00e8mes de sant\u00e9 et le pouvoir d\u2019agir des populations.\" \/>\n<meta name=\"robots\" content=\"index, follow, max-snippet:-1, max-image-preview:large, max-video-preview:-1\" \/>\n<link rel=\"canonical\" href=\"https:\/\/www.santesud.org\/en\/who-are-we\/\" \/>\n<meta property=\"og:locale\" content=\"en_US\" \/>\n<meta property=\"og:type\" content=\"article\" \/>\n<meta property=\"og:title\" content=\"Who are we? - Sant\u00e9 Sud\" \/>\n<meta property=\"og:description\" content=\"Cr\u00e9\u00e9e en 1984 par des professionnel\u00b7les de sant\u00e9, Sant\u00e9 Sud est une organisation de solidarit\u00e9 internationale engag\u00e9e pour le droit \u00e0 la sant\u00e9 pour toutes et tous qui agit avec ses partenaires pour le renforcement p\u00e9renne des syst\u00e8mes de sant\u00e9 et le pouvoir d\u2019agir des populations.\" \/>\n<meta property=\"og:url\" content=\"https:\/\/www.santesud.org\/en\/who-are-we\/\" \/>\n<meta property=\"og:site_name\" content=\"Sant\u00e9 Sud\" \/>\n<meta property=\"article:publisher\" content=\"https:\/\/www.facebook.com\/sante.sud\" \/>\n<meta property=\"article:modified_time\" content=\"2025-02-24T13:35:56+00:00\" \/>\n<meta name=\"twitter:card\" content=\"summary_large_image\" \/>\n<meta name=\"twitter:site\" content=\"@SanteSud13\" \/>\n<script type=\"application\/ld+json\" class=\"yoast-schema-graph\">{\"@context\":\"https:\\\/\\\/schema.org\",\"@graph\":[{\"@type\":\"WebPage\",\"@id\":\"https:\\\/\\\/www.santesud.org\\\/en\\\/who-are-we\\\/\",\"url\":\"https:\\\/\\\/www.santesud.org\\\/en\\\/who-are-we\\\/\",\"name\":\"Who are we? - Sant\u00e9 Sud\",\"isPartOf\":{\"@id\":\"https:\\\/\\\/www.santesud.org\\\/en\\\/#website\"},\"datePublished\":\"2024-09-30T10:12:15+00:00\",\"dateModified\":\"2025-02-24T13:35:56+00:00\",\"description\":\"Cr\u00e9\u00e9e en 1984 par des professionnel\u00b7les de sant\u00e9, Sant\u00e9 Sud est une organisation de solidarit\u00e9 internationale engag\u00e9e pour le droit \u00e0 la sant\u00e9 pour toutes et tous qui agit avec ses partenaires pour le renforcement p\u00e9renne des syst\u00e8mes de sant\u00e9 et le pouvoir d\u2019agir des populations.\",\"breadcrumb\":{\"@id\":\"https:\\\/\\\/www.santesud.org\\\/en\\\/who-are-we\\\/#breadcrumb\"},\"inLanguage\":\"en-US\",\"potentialAction\":[{\"@type\":\"ReadAction\",\"target\":[\"https:\\\/\\\/www.santesud.org\\\/en\\\/who-are-we\\\/\"]}]},{\"@type\":\"BreadcrumbList\",\"@id\":\"https:\\\/\\\/www.santesud.org\\\/en\\\/who-are-we\\\/#breadcrumb\",\"itemListElement\":[{\"@type\":\"ListItem\",\"position\":1,\"name\":\"Accueil\",\"item\":\"https:\\\/\\\/www.santesud.org\\\/en\\\/\"},{\"@type\":\"ListItem\",\"position\":2,\"name\":\"Who are we?\"}]},{\"@type\":\"WebSite\",\"@id\":\"https:\\\/\\\/www.santesud.org\\\/en\\\/#website\",\"url\":\"https:\\\/\\\/www.santesud.org\\\/en\\\/\",\"name\":\"Sant\u00e9 Sud\",\"description\":\"Agir ensemble sans remplacer\",\"publisher\":{\"@id\":\"https:\\\/\\\/www.santesud.org\\\/en\\\/#organization\"},\"potentialAction\":[{\"@type\":\"SearchAction\",\"target\":{\"@type\":\"EntryPoint\",\"urlTemplate\":\"https:\\\/\\\/www.santesud.org\\\/en\\\/?s={search_term_string}\"},\"query-input\":{\"@type\":\"PropertyValueSpecification\",\"valueRequired\":true,\"valueName\":\"search_term_string\"}}],\"inLanguage\":\"en-US\"},{\"@type\":\"Organization\",\"@id\":\"https:\\\/\\\/www.santesud.org\\\/en\\\/#organization\",\"name\":\"Sant\u00e9 Sud\",\"url\":\"https:\\\/\\\/www.santesud.org\\\/en\\\/\",\"logo\":{\"@type\":\"ImageObject\",\"inLanguage\":\"en-US\",\"@id\":\"https:\\\/\\\/www.santesud.org\\\/en\\\/#\\\/schema\\\/logo\\\/image\\\/\",\"url\":\"https:\\\/\\\/www.santesud.org\\\/wp-content\\\/uploads\\\/2024\\\/09\\\/logo-sante-sud-1.svg\",\"contentUrl\":\"https:\\\/\\\/www.santesud.org\\\/wp-content\\\/uploads\\\/2024\\\/09\\\/logo-sante-sud-1.svg\",\"width\":900,\"height\":300,\"caption\":\"Sant\u00e9 Sud\"},\"image\":{\"@id\":\"https:\\\/\\\/www.santesud.org\\\/en\\\/#\\\/schema\\\/logo\\\/image\\\/\"},\"sameAs\":[\"https:\\\/\\\/www.facebook.com\\\/sante.sud\",\"https:\\\/\\\/x.com\\\/SanteSud13\",\"https:\\\/\\\/www.linkedin.com\\\/company\\\/sant-sud\\\/\",\"https:\\\/\\\/www.instagram.com\\\/sante_sud\\\/\",\"https:\\\/\\\/www.youtube.com\\\/@Sante-Sud\"]}]}<\/script>\n<!-- \/ Yoast SEO plugin. -->","yoast_head_json":{"title":"Who are we? - Sant\u00e9 Sud","description":"Cr\u00e9\u00e9e en 1984 par des professionnel\u00b7les de sant\u00e9, Sant\u00e9 Sud est une organisation de solidarit\u00e9 internationale engag\u00e9e pour le droit \u00e0 la sant\u00e9 pour toutes et tous qui agit avec ses partenaires pour le renforcement p\u00e9renne des syst\u00e8mes de sant\u00e9 et le pouvoir d\u2019agir des populations.","robots":{"index":"index","follow":"follow","max-snippet":"max-snippet:-1","max-image-preview":"max-image-preview:large","max-video-preview":"max-video-preview:-1"},"canonical":"https:\/\/www.santesud.org\/en\/who-are-we\/","og_locale":"en_US","og_type":"article","og_title":"Who are we? - Sant\u00e9 Sud","og_description":"Cr\u00e9\u00e9e en 1984 par des professionnel\u00b7les de sant\u00e9, Sant\u00e9 Sud est une organisation de solidarit\u00e9 internationale engag\u00e9e pour le droit \u00e0 la sant\u00e9 pour toutes et tous qui agit avec ses partenaires pour le renforcement p\u00e9renne des syst\u00e8mes de sant\u00e9 et le pouvoir d\u2019agir des populations.","og_url":"https:\/\/www.santesud.org\/en\/who-are-we\/","og_site_name":"Sant\u00e9 Sud","article_publisher":"https:\/\/www.facebook.com\/sante.sud","article_modified_time":"2025-02-24T13:35:56+00:00","twitter_card":"summary_large_image","twitter_site":"@SanteSud13","schema":{"@context":"https:\/\/schema.org","@graph":[{"@type":"WebPage","@id":"https:\/\/www.santesud.org\/en\/who-are-we\/","url":"https:\/\/www.santesud.org\/en\/who-are-we\/","name":"Who are we? - Sant\u00e9 Sud","isPartOf":{"@id":"https:\/\/www.santesud.org\/en\/#website"},"datePublished":"2024-09-30T10:12:15+00:00","dateModified":"2025-02-24T13:35:56+00:00","description":"Cr\u00e9\u00e9e en 1984 par des professionnel\u00b7les de sant\u00e9, Sant\u00e9 Sud est une organisation de solidarit\u00e9 internationale engag\u00e9e pour le droit \u00e0 la sant\u00e9 pour toutes et tous qui agit avec ses partenaires pour le renforcement p\u00e9renne des syst\u00e8mes de sant\u00e9 et le pouvoir d\u2019agir des populations.","breadcrumb":{"@id":"https:\/\/www.santesud.org\/en\/who-are-we\/#breadcrumb"},"inLanguage":"en-US","potentialAction":[{"@type":"ReadAction","target":["https:\/\/www.santesud.org\/en\/who-are-we\/"]}]},{"@type":"BreadcrumbList","@id":"https:\/\/www.santesud.org\/en\/who-are-we\/#breadcrumb","itemListElement":[{"@type":"ListItem","position":1,"name":"Accueil","item":"https:\/\/www.santesud.org\/en\/"},{"@type":"ListItem","position":2,"name":"Who are we?"}]},{"@type":"WebSite","@id":"https:\/\/www.santesud.org\/en\/#website","url":"https:\/\/www.santesud.org\/en\/","name":"Sant\u00e9 Sud","description":"Agir ensemble sans remplacer","publisher":{"@id":"https:\/\/www.santesud.org\/en\/#organization"},"potentialAction":[{"@type":"SearchAction","target":{"@type":"EntryPoint","urlTemplate":"https:\/\/www.santesud.org\/en\/?s={search_term_string}"},"query-input":{"@type":"PropertyValueSpecification","valueRequired":true,"valueName":"search_term_string"}}],"inLanguage":"en-US"},{"@type":"Organization","@id":"https:\/\/www.santesud.org\/en\/#organization","name":"Sant\u00e9 Sud","url":"https:\/\/www.santesud.org\/en\/","logo":{"@type":"ImageObject","inLanguage":"en-US","@id":"https:\/\/www.santesud.org\/en\/#\/schema\/logo\/image\/","url":"https:\/\/www.santesud.org\/wp-content\/uploads\/2024\/09\/logo-sante-sud-1.svg","contentUrl":"https:\/\/www.santesud.org\/wp-content\/uploads\/2024\/09\/logo-sante-sud-1.svg","width":900,"height":300,"caption":"Sant\u00e9 Sud"},"image":{"@id":"https:\/\/www.santesud.org\/en\/#\/schema\/logo\/image\/"},"sameAs":["https:\/\/www.facebook.com\/sante.sud","https:\/\/x.com\/SanteSud13","https:\/\/www.linkedin.com\/company\/sant-sud\/","https:\/\/www.instagram.com\/sante_sud\/","https:\/\/www.youtube.com\/@Sante-Sud"]}]}},"_links":{"self":[{"href":"https:\/\/www.santesud.org\/en\/wp-json\/wp\/v2\/pages\/6027","targetHints":{"allow":["GET"]}}],"collection":[{"href":"https:\/\/www.santesud.org\/en\/wp-json\/wp\/v2\/pages"}],"about":[{"href":"https:\/\/www.santesud.org\/en\/wp-json\/wp\/v2\/types\/page"}],"author":[{"embeddable":true,"href":"https:\/\/www.santesud.org\/en\/wp-json\/wp\/v2\/users\/1"}],"replies":[{"embeddable":true,"href":"https:\/\/www.santesud.org\/en\/wp-json\/wp\/v2\/comments?post=6027"}],"version-history":[{"count":7,"href":"https:\/\/www.santesud.org\/en\/wp-json\/wp\/v2\/pages\/6027\/revisions"}],"predecessor-version":[{"id":6039,"href":"https:\/\/www.santesud.org\/en\/wp-json\/wp\/v2\/pages\/6027\/revisions\/6039"}],"wp:attachment":[{"href":"https:\/\/www.santesud.org\/en\/wp-json\/wp\/v2\/media?parent=6027"}],"curies":[{"name":"wp","href":"https:\/\/api.w.org\/{rel}","templated":true}]}}